{"id":29352,"date":"2025-09-20T11:57:40","date_gmt":"2025-09-20T15:57:40","guid":{"rendered":"https:\/\/whsrn.org\/?page_id=29352"},"modified":"2025-09-30T15:12:25","modified_gmt":"2025-09-30T19:12:25","slug":"ganadores-pequenos-fondos-2025","status":"publish","type":"page","link":"https:\/\/whsrn.org\/es\/acerca-de-whsrn\/pequenos-fondos-manomet-2026\/ganadores-pequenos-fondos-2025\/","title":{"rendered":"Beneficiarios Peque\u00f1os Fondos 2025"},"content":{"rendered":"[mk_page_section bg_image=&#8221;https:\/\/whsrn.org\/wp-content\/uploads\/2025\/09\/smallgrantswinners2025-header.jpg&#8221; bg_image_portrait=&#8221;https:\/\/whsrn.org\/wp-content\/uploads\/2025\/09\/smallgrantswinner2025page-header-portrait-mobile.jpg&#8221; bg_color=&#8221;#5e5e5e&#8221; bg_position=&#8221;center center&#8221; bg_repeat=&#8221;no-repeat&#8221; bg_stretch=&#8221;true&#8221; video_color_mask=&#8221;#cccccc&#8221; video_opacity=&#8221;.4&#8243; min_height=&#8221;325&#8243; sidebar=&#8221;sidebar-1&#8243;][vc_column][mk_padding_divider size=&#8221;120&#8243;][mk_padding_divider size=&#8221;10&#8243; visibility=&#8221;visible-sm&#8221;][mk_fancy_title tag_name=&#8221;h1&#8243; color=&#8221;#ffffff&#8221; size=&#8221;75&#8243; force_font_size=&#8221;true&#8221; size_phone=&#8221;42&#8243; font_weight=&#8221;900&#8243; font_family=&#8221;Roboto+Condensed&#8221; font_type=&#8221;google&#8221; align=&#8221;center&#8221;]Conozca a los Beneficiarios de los Peque\u00f1os Fondos Manomet 2025[\/mk_fancy_title][\/vc_column][\/mk_page_section][mk_page_section bg_color=&#8221;#ffffff&#8221; padding_top=&#8221;40&#8243; padding_bottom=&#8221;40&#8243; margin_bottom=&#8221;20&#8243; sidebar=&#8221;sidebar-1&#8243;][vc_column width=&#8221;1\/6&#8243; css=&#8221;.vc_custom_1534796504266{padding-right: 35px !important;}&#8221;][\/vc_column][vc_column width=&#8221;2\/3&#8243;][mk_padding_divider size=&#8221;25&#8243;][mk_fancy_title tag_name=&#8221;h5&#8243; color=&#8221;#669abf&#8221; size=&#8221;16&#8243; line_height=&#8221;120&#8243; font_weight=&#8221;400&#8243; txt_transform=&#8221;none&#8221; letter_spacing=&#8221;2&#8243; margin_top=&#8221;15&#8243; margin_bottom=&#8221;0&#8243; font_family=&#8221;Roboto&#8221; font_type=&#8221;google&#8221; responsive_align=&#8221;left&#8221;]\n<p style=\"text-align: right;\"><a href=\"https:\/\/whsrn.org\/es\/acerca-de-whsrn\/pequenos-fondos-manomet-2026\/beneficiarios-das-pequenos-fundos-2025\/\"><em><strong>Leia em portugu\u00eas aqui<\/strong><\/em><\/a><\/p>\n[\/mk_fancy_title][vc_column_text css=&#8221;.vc_custom_1758053330423{margin-bottom: 0px !important;}&#8221;]Manomet Conservation Sciences se enorgullece en anunciar a los beneficiarios de los <a href=\"https:\/\/whsrn.org\/es\/acerca-de-whsrn\/pequenos-fondos-manomet-2026\/\">Peque\u00f1os Fondos Manomet 2025 para la Conservaci\u00f3n de Aves Playeras Neotropicales<\/a>. Este programa fue creado para apoyar a j\u00f3venes investigadores y conservacionistas en Am\u00e9rica Latina y el Caribe, que est\u00e1n comprometidos con el avance de la conservaci\u00f3n de las aves playeras. Los Peque\u00f1os Fondos buscan generar beneficios tangibles para las especies y poblaciones de aves playeras neotropicales, con especial \u00e9nfasis en los sitios de la Red Hemisf\u00e9rica de Reservas para Aves Playeras (RHRAP \/ WHSRN, por sus siglas en ingl\u00e9s) y aquellos que podr\u00edan calificar para esta designaci\u00f3n. El programa tambi\u00e9n tiene como objetivo fortalecer la capacidad t\u00e9cnica de los j\u00f3venes profesionales que inician sus carreras en conservaci\u00f3n en toda la regi\u00f3n.<\/p>\n<p>En esta tercera edici\u00f3n, recibimos 56 propuestas provenientes de 11 pa\u00edses de Am\u00e9rica Latina y el Caribe, lo que refleja claramente la creciente energ\u00eda, innovaci\u00f3n y compromiso con la conservaci\u00f3n de las aves playeras en la regi\u00f3n. Los nueve proyectos seleccionados\u2014tras un riguroso proceso de evaluaci\u00f3n\u2014demuestran una calidad, creatividad y diversidad sobresalientes.<\/p>\n<p>Estos proyectos se implementar\u00e1n en los pr\u00f3ximos a\u00f1os para avanzar en la ciencia y las acciones de conservaci\u00f3n necesarias para comprender mejor la ecolog\u00eda de las aves playeras, salvaguardar h\u00e1bitats cr\u00edticos y mitigar las amenazas que enfrentan estas especies en toda la regi\u00f3n neotropical.<\/p>\n<p>Estamos entusiasmados con el impacto que estos proyectos tendr\u00e1n tanto para las aves playeras y sus h\u00e1bitats, como para el fortalecimiento de las capacidades y habilidades de los j\u00f3venes apasionados por su conservaci\u00f3n. Expresamos nuestro m\u00e1s sincero agradecimiento a todos los postulantes por su dedicaci\u00f3n y pasi\u00f3n.<\/p>\n<p>A continuaci\u00f3n, presentamos con orgullo a los beneficiarios de los Peque\u00f1os Fondos 2025 y sus proyectos.[\/vc_column_text][\/vc_column][vc_column width=&#8221;1\/6&#8243;][\/vc_column][\/mk_page_section][vc_row][vc_column width=&#8221;1\/2&#8243;][mk_padding_divider visibility=&#8221;hidden-sm&#8221;][mk_fancy_title tag_name=&#8221;h4&#8243; color=&#8221;#669abf&#8221; size=&#8221;16&#8243; line_height=&#8221;120&#8243; font_weight=&#8221;bold&#8221; txt_transform=&#8221;uppercase&#8221; letter_spacing=&#8221;2&#8243; margin_top=&#8221;15&#8243; margin_bottom=&#8221;0&#8243; font_family=&#8221;Roboto&#8221; font_type=&#8221;google&#8221; responsive_align=&#8221;left&#8221;]Joaqu\u00edn Calder\u00f3n Gonz\u00e1lez[\/mk_fancy_title][vc_column_text css=&#8221;.vc_custom_1758292225698{margin-bottom: 0px !important;}&#8221;]<strong>Humedal Costero Poza de La Arenilla, Per\u00fa<\/strong>[\/vc_column_text][vc_column_text css=&#8221;.vc_custom_1758292262013{margin-bottom: 0px !important;}&#8221;]Joaqu\u00edn es estudiante del (octavo) ciclo de Biolog\u00eda Marina en la Universidad Cient\u00edfica del Sur. Desde 2024 es voluntario del Centro de Ornitolog\u00eda y Biodiversidad (CORBIDI), donde ha participado en exposiciones, ferias y otros eventos relacionados con la observaci\u00f3n y conservaci\u00f3n de aves. A trav\u00e9s de estas experiencias ha adquirido conocimientos en monitoreo e identificaci\u00f3n de aves playeras.[\/vc_column_text][vc_column_text css=&#8221;.vc_custom_1758292252166{margin-bottom: 0px !important;}&#8221;]Su proyecto titulado \u201c<strong>Ecolog\u00eda tr\u00f3fica del Ostrero Negruzco (<em>Haematopus ater<\/em>) en el humedal costero Poza de La Arenilla: implicancias para su conservaci\u00f3n<\/strong>\u201d busca generar conocimiento sobre la dieta de la especie en el humedal costero Poza de La Arenilla, un humedal urbano que ofrece una alta diversidad alimenticia para aves playeras, y hacer un llamado a su conservaci\u00f3n. Los resultados permitir\u00e1n reforzar la importancia de conservar humedales costeros urbanos, destacando su rol cr\u00edtico en el sostenimiento de aves playeras neotropicales.[\/vc_column_text][\/vc_column][vc_column width=&#8221;1\/2&#8243;][mk_circle_image src=&#8221;https:\/\/whsrn.org\/wp-content\/uploads\/2025\/09\/joaquin-calderon-gonzalez.jpg&#8221; image_diameter=&#8221;350&#8243; link=&#8221;https:\/\/whsrn.org\/about-shorebirds\/highlighted-species\/semipalmated-sandpiper\/&#8221;][\/vc_column][\/vc_row][vc_row][vc_column][mk_padding_divider size=&#8221;100&#8243;][\/vc_column][\/vc_row][vc_row][vc_column width=&#8221;1\/2&#8243;][mk_circle_image src=&#8221;https:\/\/whsrn.org\/wp-content\/uploads\/2025\/09\/victor-hugo-sarabia.jpg&#8221; image_diameter=&#8221;350&#8243; link=&#8221;https:\/\/whsrn.org\/about-shorebirds\/highlighted-species\/red-knot\/&#8221;][\/vc_column][vc_column width=&#8221;1\/2&#8243;][mk_padding_divider visibility=&#8221;hidden-sm&#8221;][mk_fancy_title tag_name=&#8221;h4&#8243; color=&#8221;#669abf&#8221; size=&#8221;16&#8243; line_height=&#8221;120&#8243; font_weight=&#8221;bold&#8221; txt_transform=&#8221;uppercase&#8221; letter_spacing=&#8221;2&#8243; margin_top=&#8221;15&#8243; margin_bottom=&#8221;0&#8243; font_family=&#8221;Roboto&#8221; font_type=&#8221;google&#8221; responsive_align=&#8221;left&#8221;]V\u00edctor Hugo Sarabia S\u00e1nchez[\/mk_fancy_title][vc_column_text css=&#8221;.vc_custom_1758292286111{margin-bottom: 0px !important;}&#8221;]<strong><span class=\"TextRun MacChromeBold SCXW243239174 BCX0\" lang=\"EN-US\" xml:lang=\"EN-US\" data-contrast=\"none\"><span class=\"NormalTextRun SCXW243239174 BCX0\"><a href=\"https:\/\/whsrn.org\/es\/whsrn_sites\/salinas-de-huentelauquen\/\">Las Salinas de Huentelauqu\u00e9n<\/a>, Regi\u00f3n de Coquimbo, Chile<\/span><\/span><\/strong>[\/vc_column_text][vc_column_text css=&#8221;.vc_custom_1758292335046{margin-bottom: 0px !important;}&#8221;]V\u00edctor es psic\u00f3logo con formaci\u00f3n en la Universidad de la Frontera, donde curs\u00f3 sus estudios de pregrado y posteriormente la Especializaci\u00f3n de Postgrado en Psicolog\u00eda Comunitaria.<\/p>\n<p>Sus primeras experiencias laborales estuvieron vinculadas a comunidades rurales en la provincia del Choapa, donde tuvo su primer acercamiento al Humedal Las Salinas de Huentelauqu\u00e9n. Durante este per\u00edodo trabaj\u00f3 junto a la organizaci\u00f3n comunitaria ArteCanela, impulsando iniciativas para poner en valor el patrimonio local a trav\u00e9s del arte.[\/vc_column_text][\/vc_column][\/vc_row][vc_row][vc_column][vc_column_text css=&#8221;.vc_custom_1758292323931{margin-bottom: 0px !important;}&#8221;]En la \u00faltima d\u00e9cada ha desarrollado su trayectoria en el \u00e1mbito de la pol\u00edtica p\u00fablica, especialmente en temas de infancia, manteniendo siempre un v\u00ednculo con la protecci\u00f3n de la biodiversidad y los espacios naturales de la provincia del Choapa. Desde 2020 es miembro de la Red de Observadores de Aves y Vida Silvestre de Chile (ROC) y de la Fundaci\u00f3n Yastay, donde ha colaborado en investigaciones, recolecci\u00f3n de datos y en la integraci\u00f3n de sus conocimientos en psicolog\u00eda comunitaria y v\u00ednculo territorial con la Provincia del Choapa.<\/p>\n<p>Su proyecto titulado \u201c<strong>Aves playeras y ganado dom\u00e9stico en charcas estacionales del Sitio RHRAP\/ WHSRN Las Salinas de Huentelauqu\u00e9n<\/strong>\u201d est\u00e1 enfocado en el monitoreo de tres especies de aves playeras Neotropicales en el marco de la actividad ganadera en charcas estacionales del Sitio RHRAP\/WHSRN.[\/vc_column_text][mk_padding_divider size=&#8221;100&#8243;][\/vc_column][\/vc_row][vc_row][vc_column width=&#8221;1\/2&#8243;][mk_padding_divider visibility=&#8221;hidden-sm&#8221;][mk_fancy_title tag_name=&#8221;h4&#8243; color=&#8221;#669abf&#8221; size=&#8221;16&#8243; line_height=&#8221;120&#8243; font_weight=&#8221;bold&#8221; txt_transform=&#8221;uppercase&#8221; letter_spacing=&#8221;2&#8243; margin_top=&#8221;15&#8243; margin_bottom=&#8221;0&#8243; font_family=&#8221;Roboto&#8221; font_type=&#8221;google&#8221; responsive_align=&#8221;left&#8221;]Leonice da Rosa Homem[\/mk_fancy_title][vc_column_text css=&#8221;.vc_custom_1758292403516{margin-bottom: 0px !important;}&#8221;]<strong><a href=\"https:\/\/whsrn.org\/es\/whsrn_sites\/lagoa-do-peixe\/\">Parque Nacional Lagoa do Peixe <\/a>\u00a0y Parque Estatal de Itapeva, Brasil<\/strong>[\/vc_column_text][vc_column_text css=&#8221;.vc_custom_1759259523059{margin-bottom: 0px !important;}&#8221;]Leonice es bi\u00f3loga, estudiante de maestr\u00eda en la Universidad Estatal de Rio Grande do Sul (UERGS) e investigadora, con experiencia en gesti\u00f3n ambiental, monitoreo de fauna y educaci\u00f3n cient\u00edfica. Su trabajo en unidades de conservaci\u00f3n y comunidades tradicionales ha profundizado su compromiso con la conservaci\u00f3n de la biodiversidad.<\/p>\n<p>Su trabajo en la ONG SAVE Brasil, as\u00ed como en el Proyecto Piru-piru (Uergs\/GEMARS), busca promover la valorizaci\u00f3n de las aves lim\u00edcolas a trav\u00e9s de acciones de educaci\u00f3n ambiental, fortaleciendo estrategias de conservaci\u00f3n y participaci\u00f3n comunitaria, consolidando su trayectoria como joven investigadora dedicada a la protecci\u00f3n de la naturaleza.[\/vc_column_text][\/vc_column][vc_column width=&#8221;1\/2&#8243;][mk_circle_image src=&#8221;https:\/\/whsrn.org\/wp-content\/uploads\/2025\/09\/leonice-homem.jpg&#8221; image_diameter=&#8221;350&#8243; link=&#8221;https:\/\/whsrn.org\/about-shorebirds\/highlighted-species\/semipalmated-sandpiper\/&#8221;][\/vc_column][\/vc_row][vc_row][vc_column][vc_column_text css=&#8221;.vc_custom_1759259541770{margin-bottom: 0px !important;}&#8221;]Su proyecto, titulado \u201c<strong>Monitoreo de Ostrero Americano (<em>Haematopus palliatus)<\/em> en dos unidades de conservaci\u00f3n del sur de Brasil: Parque Nacional Lagoa do Peixe y Parque Estatal de Itapeva<\/strong>\u201d, se centra en investigar el impacto potencial de las especies ex\u00f3ticas sobre la reproducci\u00f3n de Ostrero Americano (<em>Haematopus palliatus)<\/em> en dos unidades de conservaci\u00f3n del sur de Brasil.[\/vc_column_text][mk_padding_divider size=&#8221;100&#8243;][\/vc_column][\/vc_row][vc_row][vc_column width=&#8221;1\/2&#8243;][mk_circle_image src=&#8221;https:\/\/whsrn.org\/wp-content\/uploads\/2025\/09\/maria-de-los-angeles-loredo-1.jpg&#8221; image_diameter=&#8221;350&#8243; link=&#8221;https:\/\/whsrn.org\/about-shorebirds\/highlighted-species\/red-knot\/&#8221;][\/vc_column][vc_column width=&#8221;1\/2&#8243;][mk_padding_divider visibility=&#8221;hidden-sm&#8221;][mk_fancy_title tag_name=&#8221;h4&#8243; color=&#8221;#669abf&#8221; size=&#8221;16&#8243; line_height=&#8221;120&#8243; font_weight=&#8221;bold&#8221; txt_transform=&#8221;uppercase&#8221; letter_spacing=&#8221;2&#8243; margin_top=&#8221;15&#8243; margin_bottom=&#8221;0&#8243; font_family=&#8221;Roboto&#8221; font_type=&#8221;google&#8221; responsive_align=&#8221;left&#8221;]Mar\u00eda de los \u00c1ngeles Loredo[\/mk_fancy_title][vc_column_text css=&#8221;.vc_custom_1758292453209{margin-bottom: 0px !important;}&#8221;]<strong>Reserva Natural Faro Querand\u00ed, Argentina<\/strong>[\/vc_column_text][vc_column_text css=&#8221;.vc_custom_1758292482524{margin-bottom: 0px !important;}&#8221;]Mar\u00eda de los \u00c1ngeles Loredo es estudiante de la Licenciatura en Ciencias Biol\u00f3gicas en la Universidad Nacional de Mar del Plata y est\u00e1 vinculada a la Reserva Faro Querand\u00ed desde sus inicios, donde se desempe\u00f1\u00f3 como guardaparques y gu\u00eda. Su experiencia en aves playeras incluye la realizaci\u00f3n de censos de chorlos de pastizal en los programas de la Alianza del Pastizal y la participaci\u00f3n en campa\u00f1as de captura en las provincias de Santa Fe y C\u00f3rdoba durante 2023 y 2025. Adem\u00e1s, particip\u00f3 en el monitoreo de Playeros Rojizos en la Reserva Faro Querand\u00ed durante 2023, como parte de una adscripci\u00f3n a la investigaci\u00f3n de la Facultad de Ciencias Exactas y Naturales de la Universidad. Angeles busca consolidar su experiencia m\u00e1s all\u00e1 del trabajo de campo y contribuir activamente a la conservaci\u00f3n de las aves playeras en su comunidad.[\/vc_column_text][\/vc_column][\/vc_row][vc_row][vc_column][vc_column_text css=&#8221;.vc_custom_1758292476369{margin-bottom: 0px !important;}&#8221;]Su proyecto titulado &#8220;<strong>Fortaleciendo la conservaci\u00f3n del Ostrero P\u00edo Americano (<em>Haematopus palliatus durnfordi<\/em>) mediante acciones participativas en la Reserva Natural Faro Querand\u00ed, Argentina<\/strong>\u201d se enfoca en fortalecer la conservaci\u00f3n del Ostrero Pardo y promover un manejo efectivo y participativo en la Reserva Natural y zonas aleda\u00f1as, integrando a autoridades locales y ciudadan\u00eda.[\/vc_column_text][mk_padding_divider size=&#8221;100&#8243;][\/vc_column][\/vc_row][vc_row][vc_column width=&#8221;1\/2&#8243;][mk_padding_divider visibility=&#8221;hidden-sm&#8221;][mk_fancy_title tag_name=&#8221;h4&#8243; color=&#8221;#669abf&#8221; size=&#8221;16&#8243; line_height=&#8221;120&#8243; font_weight=&#8221;bold&#8221; txt_transform=&#8221;uppercase&#8221; letter_spacing=&#8221;2&#8243; margin_top=&#8221;15&#8243; margin_bottom=&#8221;0&#8243; font_family=&#8221;Roboto&#8221; font_type=&#8221;google&#8221; responsive_align=&#8221;left&#8221;]Nurialby Viloria Canel\u00f3n[\/mk_fancy_title][vc_column_text css=&#8221;.vc_custom_1758292500961{margin-bottom: 0px !important;}&#8221;]<strong>Hato Masaguaral, Estado Gu\u00e1rico, Venezuela<\/strong>[\/vc_column_text][vc_column_text css=&#8221;.vc_custom_1758292753849{margin-bottom: 0px !important;}&#8221;]Nurialby es bi\u00f3loga con experiencia en manejo de aves, monitoreo de nidos y registro de comportamiento. Certificada en anillado de aves por NABC (2022). En Venezuela, ha coordinado el proyecto de investigaci\u00f3n del Periquito (<em>Forpus passerinus<\/em>) y fortalecido sus capacidades participando en proyectos de conservaci\u00f3n que incluyen el monitoreo de aves migratorias en el Paso de Portachuelo, y la b\u00fasqueda del Playerito Dorado (<em>Calidris subruficollis<\/em>). Miembro de la Red Akehe a trav\u00e9s del proyecto Mi Bosque Local y voluntaria del equipo eBird Venezuela, Nurialby combina entusiasmo, ciencia y metodolog\u00eda, reflejados en su participaci\u00f3n en art\u00edculos cient\u00edficos.[\/vc_column_text][\/vc_column][vc_column width=&#8221;1\/2&#8243;][mk_circle_image src=&#8221;https:\/\/whsrn.org\/wp-content\/uploads\/2025\/09\/nurialby-viloria-canelon.jpg&#8221; image_diameter=&#8221;350&#8243; link=&#8221;https:\/\/whsrn.org\/about-shorebirds\/highlighted-species\/semipalmated-sandpiper\/&#8221;][\/vc_column][\/vc_row][vc_row][vc_column][vc_column_text css=&#8221;.vc_custom_1758292763018{margin-bottom: 0px !important;}&#8221;]Su proyecto titulado \u201c<strong>Sabanas intervenidas: \u00bfAmenaza para la reproducci\u00f3n del Alcarav\u00e1n Venezolano (<em>Hesperoburhinus bistriatus)<\/em>?<\/strong>&#8221;\u00a0busca determinar c\u00f3mo el grado de intervenci\u00f3n en sabanas llaneras afecta el \u00e9xito reproductivo de <em>Hesperoburhinus bistriatus<\/em>, un playero con autoecolog\u00eda poco estudiada. Con un enfoque de investigaci\u00f3n y acci\u00f3n social, este proyecto busca generar informaci\u00f3n clave para estrategias de conservaci\u00f3n y fomentar una relaci\u00f3n sostenible entre la biodiversidad y las actividades humanas en los llanos venezolanos.[\/vc_column_text][mk_padding_divider size=&#8221;100&#8243;][\/vc_column][\/vc_row][vc_row][vc_column width=&#8221;1\/2&#8243;][mk_circle_image src=&#8221;https:\/\/whsrn.org\/wp-content\/uploads\/2025\/09\/emil-ludwin-rivas-mogollon.jpg&#8221; image_diameter=&#8221;350&#8243; link=&#8221;https:\/\/whsrn.org\/about-shorebirds\/highlighted-species\/red-knot\/&#8221;][\/vc_column][vc_column width=&#8221;1\/2&#8243;][mk_padding_divider visibility=&#8221;hidden-sm&#8221;][mk_fancy_title tag_name=&#8221;h4&#8243; color=&#8221;#669abf&#8221; size=&#8221;16&#8243; line_height=&#8221;120&#8243; font_weight=&#8221;bold&#8221; txt_transform=&#8221;uppercase&#8221; letter_spacing=&#8221;2&#8243; margin_top=&#8221;15&#8243; margin_bottom=&#8221;0&#8243; font_family=&#8221;Roboto&#8221; font_type=&#8221;google&#8221; responsive_align=&#8221;left&#8221;]Emil Ludwin Rivas Mogoll\u00f3n[\/mk_fancy_title][vc_column_text css=&#8221;.vc_custom_1758292781047{margin-bottom: 0px !important;}&#8221;]<b>Costa central, Per\u00fa<\/b>[\/vc_column_text][vc_column_text css=&#8221;.vc_custom_1758292817210{margin-bottom: 0px !important;}&#8221;]Emil es bi\u00f3logo egresado de la Universidad Nacional de Piura y actualmente cursa la maestr\u00eda en Biodiversidad y Gesti\u00f3n de Ecosistemas en la Universidad Nacional Mayor de San Marcos. Es miembro de la Unidad de investigaci\u00f3n en Ecolog\u00eda y Conservaci\u00f3n de Aves Marinas de la Universidad Cient\u00edfica del Sur y del equipo de comunicaciones de eBird Per\u00fa &#8211; CORBIDI. Su trayectoria profesional se ha centrado en la evaluaci\u00f3n de aves en proyectos de investigaci\u00f3n, consultor\u00eda ambiental y gesti\u00f3n ambiental, aunque su verdadera pasi\u00f3n es la conservaci\u00f3n. A trav\u00e9s de su formaci\u00f3n acad\u00e9mica, ha adquirido herramientas para promover la protecci\u00f3n de la biodiversidad bajo enfoques sostenibles y adaptados a distintos contextos regionales.[\/vc_column_text][\/vc_column][\/vc_row][vc_row][vc_column][vc_column_text css=&#8221;.vc_custom_1758292807577{margin-bottom: 0px !important;}&#8221;]Emil busca integrar el conocimiento cient\u00edfico con estrategias pr\u00e1cticas de manejo ecosist\u00e9mico, aspirando a dedicarse plenamente a la conservaci\u00f3n y al fortalecimiento de la protecci\u00f3n de la biodiversidad en su pa\u00eds.<\/p>\n<p>Su proyecto titulado \u201c<strong>Distribuci\u00f3n espacial del Ostrero P\u00edo Americano (<em>Haematopus palliatus<\/em>) y estado de conservaci\u00f3n de zonas de forrajeo y anidaci\u00f3n en un \u00e1rea impactada por derrame de petr\u00f3leo en la costa central de Per\u00fa<\/strong>\u201d busca contribuir a la conservaci\u00f3n del Ostrero Americano (<em>Haematopus palliatus<\/em>) y a la protecci\u00f3n de su h\u00e1bitat en la costa central del Per\u00fa, generando evidencia cient\u00edfica para orientar estrategias de manejo y restauraci\u00f3n en \u00e1reas afectadas por derrames de petr\u00f3leo.[\/vc_column_text][mk_padding_divider size=&#8221;100&#8243;][\/vc_column][\/vc_row][vc_row][vc_column width=&#8221;1\/2&#8243;][mk_padding_divider visibility=&#8221;hidden-sm&#8221;][mk_fancy_title tag_name=&#8221;h4&#8243; color=&#8221;#669abf&#8221; size=&#8221;16&#8243; line_height=&#8221;120&#8243; font_weight=&#8221;bold&#8221; txt_transform=&#8221;uppercase&#8221; letter_spacing=&#8221;2&#8243; margin_top=&#8221;15&#8243; margin_bottom=&#8221;0&#8243; font_family=&#8221;Roboto&#8221; font_type=&#8221;google&#8221; responsive_align=&#8221;left&#8221;]Juan Andres Milicich[\/mk_fancy_title][vc_column_text css=&#8221;.vc_custom_1758292845820{margin-bottom: 0px !important;}&#8221;]<b>Madre de Dios, Per\u00fa<\/b>[\/vc_column_text][vc_column_text css=&#8221;.vc_custom_1758292880144{margin-bottom: 0px !important;}&#8221;]Juan Andr\u00e9s es bi\u00f3logo, con un fuerte enfoque en ecolog\u00eda de aves. Desde el inicio de su carrera profesional trabaja en el Laboratorio de Ornitolog\u00eda de la Universidad Nacional de R\u00edo Cuarto (UNRC), especializ\u00e1ndose en anillado cient\u00edfico de aves y trabajos de campo ecol\u00f3gicos. Adem\u00e1s, se desempe\u00f1a como coordinador en Argentina para el grupo GLOBE en el monitoreo a largo plazo de <em>Vanellus chilensis<\/em>, liderando trabajos de campo a lo largo del pa\u00eds, desde Salta hasta Tierra del Fuego. Sus intereses incluyen la ecolog\u00eda espacial, los impactos antropog\u00e9nicos sobre la distribuci\u00f3n de la fauna y la conservaci\u00f3n aplicada.[\/vc_column_text][\/vc_column][vc_column width=&#8221;1\/2&#8243;][mk_circle_image src=&#8221;https:\/\/whsrn.org\/wp-content\/uploads\/2025\/09\/juan-andres-milisich.jpg&#8221; image_diameter=&#8221;350&#8243; link=&#8221;https:\/\/whsrn.org\/about-shorebirds\/highlighted-species\/semipalmated-sandpiper\/&#8221;][\/vc_column][\/vc_row][vc_row][vc_column][vc_column_text css=&#8221;.vc_custom_1758292869838{margin-bottom: 0px !important;}&#8221;]Su proyecto titulado \u201c<strong>Marcaje satelital y monitoreo de las poblaciones de <em>Vanellus chilensis<\/em> como indicador del avance de la deforestaci\u00f3n al noroeste de su distribuci\u00f3n en Madre de Dios, sureste de Per\u00fa<\/strong>\u201d busca determinar la distribuci\u00f3n, densidad y patrones de movimiento de la poblaci\u00f3n recientemente establecida de <em>Vanellus chilensis<\/em> en Madre de Dios, Per\u00fa, y evaluar su impacto ecol\u00f3gico sobre las aves playeras nativas.[\/vc_column_text][mk_padding_divider size=&#8221;100&#8243;][\/vc_column][\/vc_row][vc_row][vc_column width=&#8221;1\/2&#8243;][mk_circle_image src=&#8221;https:\/\/whsrn.org\/wp-content\/uploads\/2025\/09\/fernando-faria.jpg&#8221; image_diameter=&#8221;350&#8243; link=&#8221;https:\/\/whsrn.org\/about-shorebirds\/highlighted-species\/red-knot\/&#8221;][\/vc_column][vc_column width=&#8221;1\/2&#8243;][mk_padding_divider visibility=&#8221;hidden-sm&#8221;][mk_fancy_title tag_name=&#8221;h4&#8243; color=&#8221;#669abf&#8221; size=&#8221;16&#8243; line_height=&#8221;120&#8243; font_weight=&#8221;bold&#8221; txt_transform=&#8221;uppercase&#8221; letter_spacing=&#8221;2&#8243; margin_top=&#8221;15&#8243; margin_bottom=&#8221;0&#8243; font_family=&#8221;Roboto&#8221; font_type=&#8221;google&#8221; responsive_align=&#8221;left&#8221;]Fernando Faria[\/mk_fancy_title][vc_column_text css=&#8221;.vc_custom_1758292898099{margin-bottom: 0px !important;}&#8221;]<strong><a href=\"https:\/\/whsrn.org\/es\/whsrn_sites\/lagoa-do-peixe\/\">Parque Nacional Lagoa do Peixe<\/a> y Estuario da Laguna dos Patos \u2013 Ilha da Torotama, Brasil<\/strong>[\/vc_column_text][vc_column_text css=&#8221;.vc_custom_1758292930120{margin-bottom: 0px !important;}&#8221;]Fernando Faria es investigador posdoctoral en la Universidad Federal de Rio Grande (FURG). Estudi\u00f3 Biolog\u00eda, iniciando con el estudio de garzas y posteriormente enfoc\u00e1ndose en aves playeras durante su investigaci\u00f3n de maestr\u00eda en la Isla Torotama, donde encontr\u00f3 por primera vez al Aguatero (<em>Nycticryphes semicollaris<\/em>). Esta experiencia lo inspir\u00f3 a continuar su trabajo en el estudio y la conservaci\u00f3n de aves playeras, con especial atenci\u00f3n a las especies neotropicales poco estudiadas.[\/vc_column_text][\/vc_column][\/vc_row][vc_row][vc_column][vc_column_text css=&#8221;.vc_custom_1758292917738{margin-bottom: 0px !important;}&#8221;]Durante su doctorado, Fernando ampli\u00f3 su enfoque hacia la ecolog\u00eda reproductiva y de movimientos de aves playeras, y desarroll\u00f3 experiencia en la localizaci\u00f3n y captura del Aguatero. Actualmente trabaja en aumentar el conocimiento y los esfuerzos de conservaci\u00f3n para garantizar la protecci\u00f3n de esta especie en dos sitios clave para la conservaci\u00f3n de aves playeras en el sur de Brasil.<\/p>\n<p>Su proyecto, titulado \u201c<strong>Evaluaci\u00f3n de la biolog\u00eda reproductiva y el estado de conservaci\u00f3n de <em>Nycticryphes semicollaris<\/em> en el sur de Brasil<\/strong>\u201d, busca dilucidar aspectos clave de su ecolog\u00eda reproductiva y las amenazas a su conservaci\u00f3n en dos sitios en Brasil.[\/vc_column_text][mk_padding_divider size=&#8221;100&#8243;][\/vc_column][\/vc_row][vc_row][vc_column width=&#8221;1\/2&#8243;][mk_padding_divider visibility=&#8221;hidden-sm&#8221;][mk_fancy_title tag_name=&#8221;h4&#8243; color=&#8221;#669abf&#8221; size=&#8221;16&#8243; line_height=&#8221;120&#8243; font_weight=&#8221;bold&#8221; txt_transform=&#8221;uppercase&#8221; letter_spacing=&#8221;2&#8243; margin_top=&#8221;15&#8243; margin_bottom=&#8221;0&#8243; font_family=&#8221;Roboto&#8221; font_type=&#8221;google&#8221; responsive_align=&#8221;left&#8221;]Hiram Rafael Moreno Higareda[\/mk_fancy_title][vc_column_text css=&#8221;.vc_custom_1758292951337{margin-bottom: 0px !important;}&#8221;]<strong><a href=\"https:\/\/whsrn.org\/es\/whsrn_sites\/bahia-de-todos-santos\/\">Bah\u00eda de Todos Santos<\/a>, M\u00e9xico<\/strong>[\/vc_column_text][vc_column_text css=&#8221;.vc_custom_1758292976493{margin-bottom: 0px !important;}&#8221;]Hiram Rafael Moreno Higareda es bi\u00f3logo especializado en la conservaci\u00f3n y gen\u00e9tica poblacional de especies de aves costeras que habitan humedales sensibles. Posee una Maestr\u00eda en Manejo de Ecosistemas de Zonas \u00c1ridas por la Universidad Aut\u00f3noma de Baja California (UABC) y actualmente cursa un Doctorado en Ciencias de la Vida con \u00e9nfasis en Conservaci\u00f3n Biol\u00f3gica en el CICESE, con fecha prevista de graduaci\u00f3n en diciembre de 2025.<\/p>\n<p>Ha liderado m\u00faltiples estudios de campo, contribuido en publicaciones cient\u00edficas y participado en conferencias internacionales, colaborando con organizaciones como el Museo de Historia Natural de San Diego (SDNHM) y el Departamento de Pesca y Vida Silvestre de California (CDFW).[\/vc_column_text][\/vc_column][vc_column width=&#8221;1\/2&#8243;][mk_circle_image src=&#8221;https:\/\/whsrn.org\/wp-content\/uploads\/2025\/09\/hiram-rafael-moreno-higareda.jpg&#8221; image_diameter=&#8221;350&#8243; link=&#8221;https:\/\/whsrn.org\/about-shorebirds\/highlighted-species\/semipalmated-sandpiper\/&#8221;][\/vc_column][\/vc_row][vc_row][vc_column][vc_column_text css=&#8221;.vc_custom_1758292986988{margin-bottom: 0px !important;}&#8221;]Entre sus roles de liderazgo se incluyen el cargo de Coordinador General del Proyecto Binacional de Lagunas Costeras y miembro de la junta directiva de los Ornit\u00f3logos de Campo del Oeste (Western Field Ornithologists, WFO). Tambi\u00e9n fue galardonado con el Premio Estatal de la Juventud de Baja California en la categor\u00eda de Protecci\u00f3n Ambiental en 2021.<\/p>\n<p>Su proyecto, titulado \u201c<strong>Monitoreo del impacto de los veh\u00edculos en los h\u00e1bitats de las aves playeras con tecnolog\u00eda solar<\/strong>\u201d, tiene como objetivo monitorear y mitigar el impacto del tr\u00e1fico vehicular en h\u00e1bitats clave de aves playeras neotropicales mediante la instalaci\u00f3n de c\u00e1maras de vigilancia aut\u00f3nomas alimentadas con energ\u00eda solar. A trav\u00e9s del despliegue de c\u00e1maras de alta resoluci\u00f3n con transmisi\u00f3n en tiempo real, se documentar\u00e1 sistem\u00e1ticamente la frecuencia, intensidad y distribuci\u00f3n espacial de la actividad vehicular en la playa. La informaci\u00f3n recopilada tambi\u00e9n respaldar\u00e1 la justificaci\u00f3n para la inclusi\u00f3n del sitio en la Red Hemisf\u00e9rica de Reservas para Aves Playeras (RHRAP\/WHSRN) o fortalecer\u00e1 su designaci\u00f3n actual.[\/vc_column_text][mk_padding_divider][vc_column_text align=&#8221;right&#8221; css=&#8221;.vc_custom_1757351071535{margin-bottom: 0px !important;}&#8221;]\n<p style=\"text-align: center;\"><em><strong>Este programa es posible gracias al generoso apoyo del Fondo de Conservaci\u00f3n March y otros donantes que comparten nuestra pasi\u00f3n por proteger a las aves playeras y sus h\u00e1bitats.<\/strong><\/em><\/p>\n[\/vc_column_text][mk_image src=&#8221;https:\/\/whsrn.org\/wp-content\/uploads\/2025\/09\/mcf_logo_horizontal.jpg&#8221; image_size=&#8221;full&#8221; align=&#8221;center&#8221;][mk_padding_divider][mk_fancy_title tag_name=&#8221;span&#8221; color=&#8221;#3d4045&#8243; size=&#8221;12&#8243; font_weight=&#8221;400&#8243; font_family=&#8221;none&#8221;]\n<p style=\"text-align: left;\">Foto de Portada: Ostrero P\u00edo Americano (<em>Haematopus palliatus<\/em>) por Fausto Suero<\/p>\n[\/mk_fancy_title][\/vc_column][\/vc_row]\n","protected":false},"excerpt":{"rendered":"<p>[mk_page_section bg_image=&#8221;https:\/\/whsrn.org\/wp-content\/uploads\/2025\/09\/smallgrantswinners2025-header.jpg&#8221; bg_image_portrait=&#8221;https:\/\/whsrn.org\/wp-content\/uploads\/2025\/09\/smallgrantswinner2025page-header-portrait-mobile.jpg&#8221; bg_color=&#8221;#5e5e5e&#8221; bg_position=&#8221;center center&#8221; bg_repeat=&#8221;no-repeat&#8221; bg_stretch=&#8221;true&#8221; video_color_mask=&#8221;#cccccc&#8221; video_opacity=&#8221;.4&#8243; min_height=&#8221;325&#8243; sidebar=&#8221;sidebar-1&#8243;][vc_column][mk_padding_divider size=&#8221;120&#8243;][mk_padding_divider size=&#8221;10&#8243; visibility=&#8221;visible-sm&#8221;][mk_fancy_title tag_name=&#8221;h1&#8243; color=&#8221;#ffffff&#8221; size=&#8221;75&#8243; force_font_size=&#8221;true&#8221; size_phone=&#8221;42&#8243; font_weight=&#8221;900&#8243; font_family=&#8221;Roboto+Condensed&#8221; font_type=&#8221;google&#8221; align=&#8221;center&#8221;]Conozca a los Beneficiarios de los Peque\u00f1os Fondos Manomet 2025[\/mk_fancy_title][\/vc_column][\/mk_page_section][mk_page_section bg_color=&#8221;#ffffff&#8221; padding_top=&#8221;40&#8243; padding_bottom=&#8221;40&#8243; margin_bottom=&#8221;20&#8243; sidebar=&#8221;sidebar-1&#8243;][vc_column width=&#8221;1\/6&#8243; css=&#8221;.vc_custom_1534796504266{padding-right: 35px !important;}&#8221;][\/vc_column][vc_column width=&#8221;2\/3&#8243;][mk_padding_divider size=&#8221;25&#8243;][mk_fancy_title tag_name=&#8221;h5&#8243; color=&#8221;#669abf&#8221; size=&#8221;16&#8243; line_height=&#8221;120&#8243; font_weight=&#8221;400&#8243; txt_transform=&#8221;none&#8221; letter_spacing=&#8221;2&#8243; margin_top=&#8221;15&#8243; margin_bottom=&#8221;0&#8243; font_family=&#8221;Roboto&#8221; font_type=&#8221;google&#8221; [&hellip;]<\/p>\n","protected":false},"author":17,"featured_media":0,"parent":26847,"menu_order":0,"comment_status":"closed","ping_status":"closed","template":"","meta":{"nf_dc_page":"","footnotes":""},"class_list":["post-29352","page","type-page","status-publish","hentry"],"yoast_head":"<!-- This site is optimized with the Yoast SEO plugin v27.2 - https:\/\/yoast.com\/product\/yoast-seo-wordpress\/ -->\n<title>Beneficiarios Peque\u00f1os Fondos 2025 &#8211; WHSRN<\/title>\n<meta name=\"description\" content=\"Conoce a los ganadores 2025 de los Peque\u00f1os Fondos Manomet: j\u00f3venes conservacionistas que protegen aves playeras en Latinoam\u00e9rica y el Caribe.\" \/>\n<meta name=\"robots\" content=\"index, follow, max-snippet:-1, max-image-preview:large, max-video-preview:-1\" \/>\n<link rel=\"canonical\" href=\"https:\/\/whsrn.org\/es\/acerca-de-whsrn\/pequenos-fondos-manomet-2026\/ganadores-pequenos-fondos-2025\/\" \/>\n<meta property=\"og:locale\" content=\"es_ES\" \/>\n<meta property=\"og:type\" content=\"article\" \/>\n<meta property=\"og:title\" content=\"Beneficiarios Peque\u00f1os Fondos 2025 &#8211; WHSRN\" \/>\n<meta property=\"og:description\" content=\"Conoce a los ganadores 2025 de los Peque\u00f1os Fondos Manomet: j\u00f3venes conservacionistas que protegen aves playeras en Latinoam\u00e9rica y el Caribe.\" \/>\n<meta property=\"og:url\" content=\"https:\/\/whsrn.org\/es\/acerca-de-whsrn\/pequenos-fondos-manomet-2026\/ganadores-pequenos-fondos-2025\/\" \/>\n<meta property=\"og:site_name\" content=\"WHSRN\" \/>\n<meta property=\"article:publisher\" content=\"https:\/\/www.facebook.com\/WHSRN\" \/>\n<meta property=\"article:modified_time\" content=\"2025-09-30T19:12:25+00:00\" \/>\n<meta name=\"twitter:card\" content=\"summary_large_image\" \/>\n<meta name=\"twitter:site\" content=\"@WHSRN\" \/>\n<meta name=\"twitter:label1\" content=\"Tiempo de lectura\" \/>\n\t<meta name=\"twitter:data1\" content=\"11 minutos\" \/>\n<script type=\"application\/ld+json\" class=\"yoast-schema-graph\">{\"@context\":\"https:\/\/schema.org\",\"@graph\":[{\"@type\":\"WebPage\",\"@id\":\"https:\/\/whsrn.org\/es\/acerca-de-whsrn\/pequenos-fondos-manomet-2026\/ganadores-pequenos-fondos-2025\/\",\"url\":\"https:\/\/whsrn.org\/es\/acerca-de-whsrn\/pequenos-fondos-manomet-2026\/ganadores-pequenos-fondos-2025\/\",\"name\":\"Beneficiarios Peque\u00f1os Fondos 2025 &#8211; WHSRN\",\"isPartOf\":{\"@id\":\"https:\/\/whsrn.org\/es\/#website\"},\"datePublished\":\"2025-09-20T15:57:40+00:00\",\"dateModified\":\"2025-09-30T19:12:25+00:00\",\"description\":\"Conoce a los ganadores 2025 de los Peque\u00f1os Fondos Manomet: j\u00f3venes conservacionistas que protegen aves playeras en Latinoam\u00e9rica y el Caribe.\",\"breadcrumb\":{\"@id\":\"https:\/\/whsrn.org\/es\/acerca-de-whsrn\/pequenos-fondos-manomet-2026\/ganadores-pequenos-fondos-2025\/#breadcrumb\"},\"inLanguage\":\"es\",\"potentialAction\":[{\"@type\":\"ReadAction\",\"target\":[\"https:\/\/whsrn.org\/es\/acerca-de-whsrn\/pequenos-fondos-manomet-2026\/ganadores-pequenos-fondos-2025\/\"]}]},{\"@type\":\"BreadcrumbList\",\"@id\":\"https:\/\/whsrn.org\/es\/acerca-de-whsrn\/pequenos-fondos-manomet-2026\/ganadores-pequenos-fondos-2025\/#breadcrumb\",\"itemListElement\":[{\"@type\":\"ListItem\",\"position\":1,\"name\":\"Home\",\"item\":\"https:\/\/whsrn.org\/es\/\"},{\"@type\":\"ListItem\",\"position\":2,\"name\":\"Acerca de WHSRN\",\"item\":\"https:\/\/whsrn.org\/es\/acerca-de-whsrn\/\"},{\"@type\":\"ListItem\",\"position\":3,\"name\":\"Peque\u00f1os Fondos Manomet para la Conservaci\u00f3n de Aves Playeras del Neotr\u00f3pico\",\"item\":\"https:\/\/whsrn.org\/es\/acerca-de-whsrn\/pequenos-fondos-manomet-2026\/\"},{\"@type\":\"ListItem\",\"position\":4,\"name\":\"Beneficiarios Peque\u00f1os Fondos 2025\"}]},{\"@type\":\"WebSite\",\"@id\":\"https:\/\/whsrn.org\/es\/#website\",\"url\":\"https:\/\/whsrn.org\/es\/\",\"name\":\"WHSRN\",\"description\":\"Western Hemisphere Shorebird Reserve Network\",\"publisher\":{\"@id\":\"https:\/\/whsrn.org\/es\/#organization\"},\"potentialAction\":[{\"@type\":\"SearchAction\",\"target\":{\"@type\":\"EntryPoint\",\"urlTemplate\":\"https:\/\/whsrn.org\/es\/?s={search_term_string}\"},\"query-input\":{\"@type\":\"PropertyValueSpecification\",\"valueRequired\":true,\"valueName\":\"search_term_string\"}}],\"inLanguage\":\"es\"},{\"@type\":\"Organization\",\"@id\":\"https:\/\/whsrn.org\/es\/#organization\",\"name\":\"Western Hemisphere Shorebird Reserve Network\",\"url\":\"https:\/\/whsrn.org\/es\/\",\"logo\":{\"@type\":\"ImageObject\",\"inLanguage\":\"es\",\"@id\":\"https:\/\/whsrn.org\/es\/#\/schema\/logo\/image\/\",\"url\":\"https:\/\/whsrn.org\/wp-content\/uploads\/2021\/01\/whsrn_nostrapline_square.png\",\"contentUrl\":\"https:\/\/whsrn.org\/wp-content\/uploads\/2021\/01\/whsrn_nostrapline_square.png\",\"width\":800,\"height\":800,\"caption\":\"Western Hemisphere Shorebird Reserve Network\"},\"image\":{\"@id\":\"https:\/\/whsrn.org\/es\/#\/schema\/logo\/image\/\"},\"sameAs\":[\"https:\/\/www.facebook.com\/WHSRN\",\"https:\/\/x.com\/WHSRN\",\"https:\/\/www.youtube.com\/channel\/UCDMz2oCsiK8e03UxFhHhdEA\"]}]}<\/script>\n<!-- \/ Yoast SEO plugin. -->","yoast_head_json":{"title":"Beneficiarios Peque\u00f1os Fondos 2025 &#8211; WHSRN","description":"Conoce a los ganadores 2025 de los Peque\u00f1os Fondos Manomet: j\u00f3venes conservacionistas que protegen aves playeras en Latinoam\u00e9rica y el Caribe.","robots":{"index":"index","follow":"follow","max-snippet":"max-snippet:-1","max-image-preview":"max-image-preview:large","max-video-preview":"max-video-preview:-1"},"canonical":"https:\/\/whsrn.org\/es\/acerca-de-whsrn\/pequenos-fondos-manomet-2026\/ganadores-pequenos-fondos-2025\/","og_locale":"es_ES","og_type":"article","og_title":"Beneficiarios Peque\u00f1os Fondos 2025 &#8211; WHSRN","og_description":"Conoce a los ganadores 2025 de los Peque\u00f1os Fondos Manomet: j\u00f3venes conservacionistas que protegen aves playeras en Latinoam\u00e9rica y el Caribe.","og_url":"https:\/\/whsrn.org\/es\/acerca-de-whsrn\/pequenos-fondos-manomet-2026\/ganadores-pequenos-fondos-2025\/","og_site_name":"WHSRN","article_publisher":"https:\/\/www.facebook.com\/WHSRN","article_modified_time":"2025-09-30T19:12:25+00:00","twitter_card":"summary_large_image","twitter_site":"@WHSRN","twitter_misc":{"Tiempo de lectura":"11 minutos"},"schema":{"@context":"https:\/\/schema.org","@graph":[{"@type":"WebPage","@id":"https:\/\/whsrn.org\/es\/acerca-de-whsrn\/pequenos-fondos-manomet-2026\/ganadores-pequenos-fondos-2025\/","url":"https:\/\/whsrn.org\/es\/acerca-de-whsrn\/pequenos-fondos-manomet-2026\/ganadores-pequenos-fondos-2025\/","name":"Beneficiarios Peque\u00f1os Fondos 2025 &#8211; WHSRN","isPartOf":{"@id":"https:\/\/whsrn.org\/es\/#website"},"datePublished":"2025-09-20T15:57:40+00:00","dateModified":"2025-09-30T19:12:25+00:00","description":"Conoce a los ganadores 2025 de los Peque\u00f1os Fondos Manomet: j\u00f3venes conservacionistas que protegen aves playeras en Latinoam\u00e9rica y el Caribe.","breadcrumb":{"@id":"https:\/\/whsrn.org\/es\/acerca-de-whsrn\/pequenos-fondos-manomet-2026\/ganadores-pequenos-fondos-2025\/#breadcrumb"},"inLanguage":"es","potentialAction":[{"@type":"ReadAction","target":["https:\/\/whsrn.org\/es\/acerca-de-whsrn\/pequenos-fondos-manomet-2026\/ganadores-pequenos-fondos-2025\/"]}]},{"@type":"BreadcrumbList","@id":"https:\/\/whsrn.org\/es\/acerca-de-whsrn\/pequenos-fondos-manomet-2026\/ganadores-pequenos-fondos-2025\/#breadcrumb","itemListElement":[{"@type":"ListItem","position":1,"name":"Home","item":"https:\/\/whsrn.org\/es\/"},{"@type":"ListItem","position":2,"name":"Acerca de WHSRN","item":"https:\/\/whsrn.org\/es\/acerca-de-whsrn\/"},{"@type":"ListItem","position":3,"name":"Peque\u00f1os Fondos Manomet para la Conservaci\u00f3n de Aves Playeras del Neotr\u00f3pico","item":"https:\/\/whsrn.org\/es\/acerca-de-whsrn\/pequenos-fondos-manomet-2026\/"},{"@type":"ListItem","position":4,"name":"Beneficiarios Peque\u00f1os Fondos 2025"}]},{"@type":"WebSite","@id":"https:\/\/whsrn.org\/es\/#website","url":"https:\/\/whsrn.org\/es\/","name":"WHSRN","description":"Western Hemisphere Shorebird Reserve Network","publisher":{"@id":"https:\/\/whsrn.org\/es\/#organization"},"potentialAction":[{"@type":"SearchAction","target":{"@type":"EntryPoint","urlTemplate":"https:\/\/whsrn.org\/es\/?s={search_term_string}"},"query-input":{"@type":"PropertyValueSpecification","valueRequired":true,"valueName":"search_term_string"}}],"inLanguage":"es"},{"@type":"Organization","@id":"https:\/\/whsrn.org\/es\/#organization","name":"Western Hemisphere Shorebird Reserve Network","url":"https:\/\/whsrn.org\/es\/","logo":{"@type":"ImageObject","inLanguage":"es","@id":"https:\/\/whsrn.org\/es\/#\/schema\/logo\/image\/","url":"https:\/\/whsrn.org\/wp-content\/uploads\/2021\/01\/whsrn_nostrapline_square.png","contentUrl":"https:\/\/whsrn.org\/wp-content\/uploads\/2021\/01\/whsrn_nostrapline_square.png","width":800,"height":800,"caption":"Western Hemisphere Shorebird Reserve Network"},"image":{"@id":"https:\/\/whsrn.org\/es\/#\/schema\/logo\/image\/"},"sameAs":["https:\/\/www.facebook.com\/WHSRN","https:\/\/x.com\/WHSRN","https:\/\/www.youtube.com\/channel\/UCDMz2oCsiK8e03UxFhHhdEA"]}]}},"_links":{"self":[{"href":"https:\/\/whsrn.org\/es\/wp-json\/wp\/v2\/pages\/29352","targetHints":{"allow":["GET"]}}],"collection":[{"href":"https:\/\/whsrn.org\/es\/wp-json\/wp\/v2\/pages"}],"about":[{"href":"https:\/\/whsrn.org\/es\/wp-json\/wp\/v2\/types\/page"}],"author":[{"embeddable":true,"href":"https:\/\/whsrn.org\/es\/wp-json\/wp\/v2\/users\/17"}],"replies":[{"embeddable":true,"href":"https:\/\/whsrn.org\/es\/wp-json\/wp\/v2\/comments?post=29352"}],"version-history":[{"count":5,"href":"https:\/\/whsrn.org\/es\/wp-json\/wp\/v2\/pages\/29352\/revisions"}],"predecessor-version":[{"id":29437,"href":"https:\/\/whsrn.org\/es\/wp-json\/wp\/v2\/pages\/29352\/revisions\/29437"}],"up":[{"embeddable":true,"href":"https:\/\/whsrn.org\/es\/wp-json\/wp\/v2\/pages\/26847"}],"wp:attachment":[{"href":"https:\/\/whsrn.org\/es\/wp-json\/wp\/v2\/media?parent=29352"}],"curies":[{"name":"wp","href":"https:\/\/api.w.org\/{rel}","templated":true}]}}